{"id":2629,"date":"2026-03-11T18:59:46","date_gmt":"2026-03-11T18:59:46","guid":{"rendered":"https:\/\/camp-der-fantasie.de\/?page_id=2629"},"modified":"2026-03-11T18:59:46","modified_gmt":"2026-03-11T18:59:46","slug":"allgemeine-hinweise","status":"publish","type":"page","link":"https:\/\/camp-der-fantasie.de\/?page_id=2629","title":{"rendered":"Allgemeine Hinweise"},"content":{"rendered":"\n<p><strong>Unterbringung<\/strong><\/p>\n\n\n\n<p>In robusten und wettererprobten Fahrtenzelten Felix und Sudan, die ausreichend Platz f\u00fcr 6 Kinder bieten. Die Zelte werden zusammengefasst in D\u00f6rfern, getrennt nach Alter und Geschlecht.<\/p>\n\n\n\n<p><strong>Anreise\/Lagerdauer<\/strong><\/p>\n\n\n\n<p>Anreise sowie die Abreise erfolgt in eigener Regie. Wir gehen davon aus, dass die Kinder f\u00fcr die gesamte Dauer des Zeltlagers anwesend sind. Eine vorzeitige Abreise wirkt sich aus p\u00e4dagogischen und organisatorischen Gr\u00fcnden sehr nachteilig f\u00fcr die Zeltgemeinschaft und das Gesamtprogramm aus.<\/p>\n\n\n\n<p><strong>Anmeldung:<\/strong><\/p>\n\n\n\n<p><strong>Online unter <a href=\"https:\/\/anmeldung-awo-cdf.de\/\">anmeldung-awo-cdf.de <\/a><\/strong>anmelden. Wir best\u00e4tigen die Reservierung eines Platzes schriftlich.<\/p>\n\n\n\n<p><strong>Gep\u00e4ck:<\/strong><\/p>\n\n\n\n<p>Ein Merkblatt&nbsp; mit detaillierter Kofferpackliste folgt mit der Teilnahmebest\u00e4tigung.<\/p>\n\n\n\n<p><strong>Zus\u00e4tzlicher Betreuungsaufwand:<\/strong><\/p>\n\n\n\n<p>F\u00fcr Kinder mit zus\u00e4tzlichem Betreuungsaufwand, bzw. Medikamentengabe bitten wir um entsprechende Mitteilung. Wir werden uns dann zur Planung und Pr\u00fcfung der Umsetzbarkeit des notwendigen Bedarfs direkt mit Ihnen in Verbindung setzen.<\/p>\n\n\n\n<p><strong>Betreuung:<\/strong><\/p>\n\n\n\n<p>Ehrenamtliches Betreuungsteam mit langj\u00e4hriger Erfahrung.<strong><\/strong><\/p>\n\n\n\n<p><strong>Verpflegung:<\/strong><\/p>\n\n\n\n<p>Fr\u00fchst\u00fcckbuffet&nbsp; &#8211; Mittagessen &#8211; Zwischenmahlzeit -Abendessen<\/p>\n\n\n\n<p><strong>Getr\u00e4nke\/S\u00fc\u00dfwaren:<\/strong><\/p>\n\n\n\n<p>\u00b7&nbsp;Tee&nbsp; bzw. Kaltgetr\u00e4nke ganztags kostenlos<\/p>\n\n\n\n<p>\u00b7&nbsp;Sprudel, S\u00fc\u00dfigkeiten im L\u00e4dle<\/p>\n","protected":false},"excerpt":{"rendered":"<p>Unterbringung In robusten und wettererprobten Fahrtenzelten Felix und Sudan, die ausreichend Platz f\u00fcr 6 Kinder bieten. Die Zelte werden zusammengefasst<\/p>\n","protected":false},"author":1,"featured_media":2615,"parent":0,"menu_order":0,"comment_status":"closed","ping_status":"closed","template":"","meta":{"ngg_post_thumbnail":0,"footnotes":""},"_links":{"self":[{"href":"https:\/\/camp-der-fantasie.de\/index.php?rest_route=\/wp\/v2\/pages\/2629"}],"collection":[{"href":"https:\/\/camp-der-fantasie.de\/index.php?rest_route=\/wp\/v2\/pages"}],"about":[{"href":"https:\/\/camp-der-fantasie.de\/index.php?rest_route=\/wp\/v2\/types\/page"}],"author":[{"embeddable":true,"href":"https:\/\/camp-der-fantasie.de\/index.php?rest_route=\/wp\/v2\/users\/1"}],"replies":[{"embeddable":true,"href":"https:\/\/camp-der-fantasie.de\/index.php?rest_route=%2Fwp%2Fv2%2Fcomments&post=2629"}],"version-history":[{"count":1,"href":"https:\/\/camp-der-fantasie.de\/index.php?rest_route=\/wp\/v2\/pages\/2629\/revisions"}],"predecessor-version":[{"id":2630,"href":"https:\/\/camp-der-fantasie.de\/index.php?rest_route=\/wp\/v2\/pages\/2629\/revisions\/2630"}],"wp:featuredmedia":[{"embeddable":true,"href":"https:\/\/camp-der-fantasie.de\/index.php?rest_route=\/wp\/v2\/media\/2615"}],"wp:attachment":[{"href":"https:\/\/camp-der-fantasie.de\/index.php?rest_route=%2Fwp%2Fv2%2Fmedia&parent=2629"}],"curies":[{"name":"wp","href":"https:\/\/api.w.org\/{rel}","templated":true}]}}